{"id":51,"date":"2022-08-19T10:39:01","date_gmt":"2022-08-19T08:39:01","guid":{"rendered":"https:\/\/lleidaesportiu.futbol\/?page_id=51"},"modified":"2025-08-26T23:27:21","modified_gmt":"2025-08-26T21:27:21","slug":"historia","status":"publish","type":"page","link":"https:\/\/lleidacf.cat\/es\/historia\/","title":{"rendered":"Historia"},"content":{"rendered":"<div data-elementor-type=\"wp-page\" data-elementor-id=\"51\" class=\"elementor elementor-51\" data-elementor-post-type=\"page\">\n\t\t\t\t\t\t<section class=\"elementor-section elementor-top-section elementor-element elementor-element-7bfff16 elementor-section-boxed elementor-section-height-default elementor-section-height-default\" data-id=\"7bfff16\" data-element_type=\"section\" data-e-type=\"section\">\n\t\t\t\t\t\t<div class=\"elementor-container elementor-column-gap-default\">\n\t\t\t\t\t<div class=\"elementor-column elementor-col-100 elementor-top-column elementor-element elementor-element-237b79c\" data-id=\"237b79c\" data-element_type=\"column\" data-e-type=\"column\">\n\t\t\t<div class=\"elementor-widget-wrap elementor-element-populated\">\n\t\t\t\t\t\t<div class=\"elementor-element elementor-element-8996646 elementor-widget elementor-widget-heading\" data-id=\"8996646\" data-element_type=\"widget\" data-e-type=\"widget\" data-widget_type=\"heading.default\">\n\t\t\t\t<div class=\"elementor-widget-container\">\n\t\t\t\t\t<h2 class=\"elementor-heading-title elementor-size-default\">Uni\u00f3 Esportiva Lleida<\/h2>\t\t\t\t<\/div>\n\t\t\t\t<\/div>\n\t\t\t\t<div class=\"elementor-element elementor-element-472e59c elementor-widget-divider--view-line elementor-widget elementor-widget-divider\" data-id=\"472e59c\" data-element_type=\"widget\" data-e-type=\"widget\" data-widget_type=\"divider.default\">\n\t\t\t\t<div class=\"elementor-widget-container\">\n\t\t\t\t\t\t\t<div class=\"elementor-divider\">\n\t\t\t<span class=\"elementor-divider-separator\">\n\t\t\t\t\t\t<\/span>\n\t\t<\/div>\n\t\t\t\t\t\t<\/div>\n\t\t\t\t<\/div>\n\t\t\t\t<div class=\"elementor-element elementor-element-70da645 elementor-widget elementor-widget-text-editor\" data-id=\"70da645\" data-element_type=\"widget\" data-e-type=\"widget\" data-widget_type=\"text-editor.default\">\n\t\t\t\t<div class=\"elementor-widget-container\">\n\t\t\t\t\t\t\t\t\t<p>Uni\u00f3 Esportiva Lleida<\/p><p>UE Lleida<\/p><p>Fundaci\u00f3n: 1939 (como Lleida Balompi\u00e9-AEM)<\/p><p>Desaparici\u00f3n: 10 de mayo de 2011<\/p><p>\u00a0<\/p><p>La Uni\u00f3 Esportiva Lleida va ser un club de futbol situat a Lleida, Catalunya. Va jugar al sistema espanyol de lligues de futbol i va ser l\u2019equip m\u00e9s representatiu del territori. Va ser fundat el 1939 com a Lleida Balompi\u00e9, a partir de la uni\u00f3 de diverses entitats de la ciutat, per\u00f2 no va adquirir la seva estructura tradicional fins al mar\u00e7 de 1947 quan es va unir al Club Esportiu Leridano, per a formar la Uni\u00f3 Esportiva Lleida.<\/p><p>El 1978 va canviar de nom a Uni\u00f3 Esportiva Lleida. Al llarg de la seva hist\u00f2ria, l\u2019equip va jugar dues vegades a la Primera Divisi\u00f3, per\u00f2 no s\u2019hi va poder mantenir. El primer cop va ser durant la temporada 1950-1951, quan va acaba cuer, i la segona el 1993-1994 en qu\u00e8 va quedar en pen\u00faltima posici\u00f3.<\/p><p>El 2010, l\u2019entitat va tenir greus problemes econ\u00f2mics que la van obligar a declarar-se en \u00a0concurs de creditors, cosa que va comportar la seva desaparici\u00f3 i la venda de la pla\u00e7a a Segona B per convertir-se en el Club Lleida Esportiu, passant a nomenar-se el juliol de 2024 Lleida CF.<\/p>\t\t\t\t\t\t\t\t<\/div>\n\t\t\t\t<\/div>\n\t\t\t\t<div class=\"elementor-element elementor-element-dce3a6c elementor-widget elementor-widget-heading\" data-id=\"dce3a6c\" data-element_type=\"widget\" data-e-type=\"widget\" data-widget_type=\"heading.default\">\n\t\t\t\t<div class=\"elementor-widget-container\">\n\t\t\t\t\t<h2 class=\"elementor-heading-title elementor-size-default\">Creaci\u00f3n del equipo (1939-1947)<\/h2>\t\t\t\t<\/div>\n\t\t\t\t<\/div>\n\t\t\t\t<div class=\"elementor-element elementor-element-1c8658d elementor-widget-divider--view-line elementor-widget elementor-widget-divider\" data-id=\"1c8658d\" data-element_type=\"widget\" data-e-type=\"widget\" data-widget_type=\"divider.default\">\n\t\t\t\t<div class=\"elementor-widget-container\">\n\t\t\t\t\t\t\t<div class=\"elementor-divider\">\n\t\t\t<span class=\"elementor-divider-separator\">\n\t\t\t\t\t\t<\/span>\n\t\t<\/div>\n\t\t\t\t\t\t<\/div>\n\t\t\t\t<\/div>\n\t\t\t\t<div class=\"elementor-element elementor-element-316be96 elementor-widget elementor-widget-text-editor\" data-id=\"316be96\" data-element_type=\"widget\" data-e-type=\"widget\" data-widget_type=\"text-editor.default\">\n\t\t\t\t<div class=\"elementor-widget-container\">\n\t\t\t\t\t\t\t\t\t<p>L\u2019entitat es va crear la primavera del 1939, pocs mesos despr\u00e9s que finalitz\u00e9s la Guerra Civil quan diverses societats esportives com el Lleida Sport Club, l\u2019Associaci\u00f3 Esportiva Lleida Calaveres i l\u2019Associaci\u00f3 d\u2019Exalumnes Maristes (AEM) es van unir per crear un club representatiu de la ciutat. El president de l\u2019AEM va aportar l\u2019estadi, l\u2019actual Camp d\u2019Esports, que es va construir el 1919.<\/p><p>El primer president del Lleida Balompi\u00e9 va ser Sebasti\u00e0 T\u00e0pies mentre que el primer entrenador va ser Jos\u00e9 P\u00e9rez. Amb un equipament de camisa blau cel i pantalons blancs van disputar el primer partit el 5 de novembre de 1939 contra el club de Borges Blanques.<\/p><p>Partint de les categories regionals, es va anar ascendint esglaons fins a pujar a la Tercera Divisi\u00f3 la temporada 1943-1944. El Lleida Balompi\u00e9 no era l\u2019\u00fanic club que hi havia a la ciutat; tamb\u00e9 hi havia el Club Deportivo Leridano, fundat el 1941 i vinculat a l\u2019ex\u00e8rcit.<\/p><p>Tot i que el Lleida Balompi\u00e9 va assegurar-se la perman\u00e8ncia a Tercera, els resultats esportius estaven per sota les expectatives. Per aix\u00f2, les autoritats van impulsar la fusi\u00f3 entre aquest equip i el Leridano i el 9 de mar\u00e7 de 1947 es va constituir oficialment la Uni\u00f3 Esportiva Lleida. El Camp d\u2019Esports va ser remodelat i el club va gaudir d\u2019un pressupost m\u00e9s gran.<\/p><p>La nova entitat va conservar el color blau a la roba. A poc a poc, es va anar millorant la classificaci\u00f3 i la temporada 1948-1949 van quedar campions de Tercera, per la qual cosa van pujar, l\u2019any seg\u00fcent, a la Segona Divisi\u00f3.<\/p>\t\t\t\t\t\t\t\t<\/div>\n\t\t\t\t<\/div>\n\t\t\t\t<div class=\"elementor-element elementor-element-cd56b5d elementor-widget elementor-widget-heading\" data-id=\"cd56b5d\" data-element_type=\"widget\" data-e-type=\"widget\" data-widget_type=\"heading.default\">\n\t\t\t\t<div class=\"elementor-widget-container\">\n\t\t\t\t\t<h2 class=\"elementor-heading-title elementor-size-default\">Estancamiento y crisis deportiva (1951 a 1987)<\/h2>\t\t\t\t<\/div>\n\t\t\t\t<\/div>\n\t\t\t\t<div class=\"elementor-element elementor-element-283b158 elementor-widget-divider--view-line elementor-widget elementor-widget-divider\" data-id=\"283b158\" data-element_type=\"widget\" data-e-type=\"widget\" data-widget_type=\"divider.default\">\n\t\t\t\t<div class=\"elementor-widget-container\">\n\t\t\t\t\t\t\t<div class=\"elementor-divider\">\n\t\t\t<span class=\"elementor-divider-separator\">\n\t\t\t\t\t\t<\/span>\n\t\t<\/div>\n\t\t\t\t\t\t<\/div>\n\t\t\t\t<\/div>\n\t\t\t\t<div class=\"elementor-element elementor-element-50a8ca0 elementor-widget elementor-widget-text-editor\" data-id=\"50a8ca0\" data-element_type=\"widget\" data-e-type=\"widget\" data-widget_type=\"text-editor.default\">\n\t\t\t\t<div class=\"elementor-widget-container\">\n\t\t\t\t\t\t\t\t\t<p>A su regreso a la Segunda Divisi\u00f3n, el club se marc\u00f3 como objetivo el ascenso a la m\u00e1xima categor\u00eda. Se firm\u00f3 un acuerdo de colaboraci\u00f3n con el F\u00fatbol Club Barcelona por el que los cul\u00e9s ced\u00edan futbolistas y ten\u00edan opci\u00f3n preferencial sobre los mejores jugadores. Sin embargo, s\u00f3lo alcanzaron una tercera posici\u00f3n durante la temporada 1953-1954. Despu\u00e9s de seis temporadas en Segunda, el equipo baj\u00f3 a Tercera en la temporada 1956\/57.<\/p><p>A partir d\u2019aqu\u00ed l\u2019objectiu va ser l\u2019ascens a Segona Divisi\u00f3 que no es va aconseguir fins al 1964-1965. Essencial va ser l&#8217;arribada a la presid\u00e8ncia de Ramon Vilaltella; a la fase d\u2019ascens, els catalans van guanyar al Deportivo Alav\u00e9s i al Calvo Sotelo d\u2019Andorra.<\/p><p>Aunque los leridanos esperaban tener un rendimiento similar al de los a\u00f1os 1950, los resultados no acompa\u00f1aron y la entidad tuvo problemas por mantenerse.<\/p><p>Por \u00faltimo, la temporada 1967-1968 el club baj\u00f3 a Tercera, lo que provoc\u00f3 un descenso en el n\u00famero de socios y una ca\u00edda de p\u00fablico en el campo. La poca respuesta de los aficionados motiv\u00f3 la dimisi\u00f3n del presidente y el club tuvo problemas financieros que le obligaron a deshacerse de los mejores jugadores.<\/p><p>Sense professionals que poguessin garantir la perman\u00e8ncia, el club va baixar a Territorial Preferent l\u2019any 1969-1970 on nom\u00e9s hi va estar un any, ja que van finalitzar la temporada com a campions. En tornar a la Divisi\u00f3 de Bronze, els lleidatans van tenir problemes per lluitar per la perman\u00e8ncia i l\u2019objectiu de la Segona Divisi\u00f3 estava cada cop m\u00e9s lluny.<\/p><p>Amb l\u2019arribada de la democr\u00e0cia el club va patir diversos canvis. Es va modificar el nom oficial pel d\u2019Uni\u00f3 Esportiva Lleida que es va mantenir fins a la seva desaparici\u00f3. Tamb\u00e9 es va canviar del color blau cel al blau a la roba i al blau fosc a partir de 1985.<\/p><p>En l\u2019\u00e0mbit esportiu, el club va pujar la temporada 1977-1978 a l&#8217;acabada de crear Segona Divisi\u00f3 B en haver-se situat entre els deu primers del seu grup a Tercera. La UE Lleida va aconseguir certa estabilitat, per\u00f2 l\u2019assist\u00e8ncia al camp va continuar sent fluixa perqu\u00e8 els resultats no acompanyaven.<\/p>\t\t\t\t\t\t\t\t<\/div>\n\t\t\t\t<\/div>\n\t\t\t\t<div class=\"elementor-element elementor-element-7be7a35 elementor-widget__width-initial elementor-widget elementor-widget-heading\" data-id=\"7be7a35\" data-element_type=\"widget\" data-e-type=\"widget\" data-widget_type=\"heading.default\">\n\t\t\t\t<div class=\"elementor-widget-container\">\n\t\t\t\t\t<h2 class=\"elementor-heading-title elementor-size-default\"><p>Regreso a la Segunda Divisi\u00f3n y ascenso (1987 a 1993)<br><\/p>\n<\/h2>\t\t\t\t<\/div>\n\t\t\t\t<\/div>\n\t\t\t\t<div class=\"elementor-element elementor-element-09e57a4 elementor-widget-divider--view-line elementor-widget elementor-widget-divider\" data-id=\"09e57a4\" data-element_type=\"widget\" data-e-type=\"widget\" data-widget_type=\"divider.default\">\n\t\t\t\t<div class=\"elementor-widget-container\">\n\t\t\t\t\t\t\t<div class=\"elementor-divider\">\n\t\t\t<span class=\"elementor-divider-separator\">\n\t\t\t\t\t\t<\/span>\n\t\t<\/div>\n\t\t\t\t\t\t<\/div>\n\t\t\t\t<\/div>\n\t\t\t\t<div class=\"elementor-element elementor-element-00e81e9 elementor-widget elementor-widget-text-editor\" data-id=\"00e81e9\" data-element_type=\"widget\" data-e-type=\"widget\" data-widget_type=\"text-editor.default\">\n\t\t\t\t<div class=\"elementor-widget-container\">\n\t\t\t\t\t\t\t\t\t<p>Vint-i-dos anys despr\u00e9s, presidida per Mario Dur\u00e1n, la UE Lleida va pujar a Segona Divisi\u00f3 la temporada 1986-1987. A les ordres de Jordi Gonzalvo, els blaus van fer una bona temporada aconseguint l\u2019ascens en un partit contra l\u2019Almeria CF. El 1987 l\u2019Ajuntament va comen\u00e7ar a organitzar el Trofeu Ciutat de Lleida.<\/p><p>Durant la temporada 1987-1988, el club va fer una bona campanya que li va permetre acabar a sisena posici\u00f3. Tot i aix\u00f2, un any despr\u00e9s la situaci\u00f3 es va capgirar al quedar en les \u00faltimes posicions. Va cessar el t\u00e8cnic Koldo Aguirre i va arribar Jos\u00e9 Manuel Esnal \u2018Man\u00e9\u2019 que no va poder fer res per a evitar el descens. Amb tot, va formar un bloc s\u00f2lid que va ressituar la UE Lleida a Segona Divisi\u00f3 com a campi\u00f3 de grup durant la campanya 1989-1990, coincidint amb les noces d\u2019or de l\u2019entitat. Destacats jugadors van ser Mariano Azcona, m\u00e0xim golejador de la categoria amb 26 gols, i Jos\u00e9 Emilio Amavisca que va jugar a la UE Lleida durant la temporada 1991-1992.<\/p><p>El 1992 la UE Lleida es va convertir en SAD, Societat An\u00f2nima Esportiva, i l\u2019Ajuntament de Lleida se\u2019n va fer accionista. Van millorar els resultats i l\u2019objectiu de l\u2019ascens estava m\u00e9s clar. Man\u00e9 va continuar liderant el projecte amb futbolistes com James Cantero. Despr\u00e9s de dues temporades a la part alta de la taula classificat\u00f2ria es va viure el millor moment esportiu amb l\u2019ascens dels lleidatans a la Primera Divisi\u00f3 amb una vict\u00f2ria per 3-0 davant del CD Badajoz, el dia 5 de juny de 1993. El porter croat Mauro Ravni\u0107 va guanyar el Trofeu Zamora de la categoria.<\/p>\t\t\t\t\t\t\t\t<\/div>\n\t\t\t\t<\/div>\n\t\t\t\t<div class=\"elementor-element elementor-element-55a54a7 elementor-widget elementor-widget-heading\" data-id=\"55a54a7\" data-element_type=\"widget\" data-e-type=\"widget\" data-widget_type=\"heading.default\">\n\t\t\t\t<div class=\"elementor-widget-container\">\n\t\t\t\t\t<h2 class=\"elementor-heading-title elementor-size-default\">Nueva etapa en Primera Divisi\u00f3n (1993 a 1994)<\/h2>\t\t\t\t<\/div>\n\t\t\t\t<\/div>\n\t\t\t\t<div class=\"elementor-element elementor-element-5c455c6 elementor-widget-divider--view-line elementor-widget elementor-widget-divider\" data-id=\"5c455c6\" data-element_type=\"widget\" data-e-type=\"widget\" data-widget_type=\"divider.default\">\n\t\t\t\t<div class=\"elementor-widget-container\">\n\t\t\t\t\t\t\t<div class=\"elementor-divider\">\n\t\t\t<span class=\"elementor-divider-separator\">\n\t\t\t\t\t\t<\/span>\n\t\t<\/div>\n\t\t\t\t\t\t<\/div>\n\t\t\t\t<\/div>\n\t\t\t\t<div class=\"elementor-element elementor-element-75a94c4 elementor-widget elementor-widget-text-editor\" data-id=\"75a94c4\" data-element_type=\"widget\" data-e-type=\"widget\" data-widget_type=\"text-editor.default\">\n\t\t\t\t<div class=\"elementor-widget-container\">\n\t\t\t\t\t\t\t\t\t<p>La UE Lleida va afrontar la temporada 1993-1994 a Primera Divisi\u00f3 amb una renovaci\u00f3 de plantilla. La meitat va ser traspassada i van arribar jugadors cedits que tenien experi\u00e8ncia a la m\u00e0xima categoria i tamb\u00e9 estrelles internacionals com Nikola\u00a0Milinkovi\u0107 o el davanter S\u00f8ren\u00a0Andersen, procedent de l\u2019Aarhus GF. El Camp d\u2019Esports va ser totalment remodelat.<\/p><p>Tot i l\u2019esfor\u00e7 per aconseguir la perman\u00e8ncia, la UE Lleida va patir una mala primera volta que la va dur als llocs de descens. No van guanyar el primer partit a casa fins al 12 de desembre, amb un 1-0 contra el Real Valladolid. El rendiment dels fitxatges no era el desitjat i el club va haver de contractar al davanter uruguai\u00e0 Gustavo Matosas. La situaci\u00f3 no es va poder corregir a temps i l\u2019equip va acabar, en pen\u00faltim lloc, a tres punts de la perman\u00e8ncia.<\/p><p>Tot i la mala temporada, la UE Lleida va donar dues alegries en v\u00e8ncer els principals equips de la Lliga espanyola. Els blaus van guanyar, el 21 de novembre de 1993, el FC Barcelona al Camp Nou per 0-1 amb un gol de Jaime Quesada a cinc minuts del final. I el 6 de mar\u00e7 de 1994, la UE Lleida va guanyar el Real Madrid per 2-1 amb gols de Sergi Par\u00e9s i d\u2019Andersen; un partit que tamb\u00e9 es recordat per l\u2019esbroncada de l\u2019entrenador madridista, Benito Floro, als seus jugadors al descans.<\/p><p>Despr\u00e9s del descens, la temporada 1994-1995, la UE Lleida va ser un dels m\u00e0xims favorits a Segona Divisi\u00f3 per a recuperar la categoria. Va acabar tercer a la Lliga regular, a un lloc de l\u2019ascens directe, per la qual cosa va haver d\u2019enfrontar-se a la promoci\u00f3 al Real Sporting de Gij\u00f3n. Al partit d\u2019anada els lleidatans van empatar al seu camp per 2-2, per\u00f2 a la tornada els asturians van v\u00e8ncer per 3-2 a El Molin\u00f3n. Man\u00e9 va abandonar la banqueta del Lleida despr\u00e9s de vuit temporades i el club va haver d\u2019afrontar una nova etapa de la seva hist\u00f2ria.<\/p>\t\t\t\t\t\t\t\t<\/div>\n\t\t\t\t<\/div>\n\t\t\t\t<div class=\"elementor-element elementor-element-708a3bb elementor-widget elementor-widget-heading\" data-id=\"708a3bb\" data-element_type=\"widget\" data-e-type=\"widget\" data-widget_type=\"heading.default\">\n\t\t\t\t<div class=\"elementor-widget-container\">\n\t\t\t\t\t<h2 class=\"elementor-heading-title elementor-size-default\">\u00daltimos a\u00f1os de existencia (1994-2010)<\/h2>\t\t\t\t<\/div>\n\t\t\t\t<\/div>\n\t\t\t\t<div class=\"elementor-element elementor-element-92011f4 elementor-widget-divider--view-line elementor-widget elementor-widget-divider\" data-id=\"92011f4\" data-element_type=\"widget\" data-e-type=\"widget\" data-widget_type=\"divider.default\">\n\t\t\t\t<div class=\"elementor-widget-container\">\n\t\t\t\t\t\t\t<div class=\"elementor-divider\">\n\t\t\t<span class=\"elementor-divider-separator\">\n\t\t\t\t\t\t<\/span>\n\t\t<\/div>\n\t\t\t\t\t\t<\/div>\n\t\t\t\t<\/div>\n\t\t\t\t<div class=\"elementor-element elementor-element-7096dbc elementor-widget elementor-widget-text-editor\" data-id=\"7096dbc\" data-element_type=\"widget\" data-e-type=\"widget\" data-widget_type=\"text-editor.default\">\n\t\t\t\t<div class=\"elementor-widget-container\">\n\t\t\t\t\t\t\t\t\t<p>L\u2019objectiu va continuar sent l\u2019ascens, per a la qual cosa es van contractar amb jugadors amb experi\u00e8ncia a la m\u00e0xima categoria i entrenadors com Juande Ramos. Tamb\u00e9 hi va haver fitxatges atractius com el de Sotaro\u00a0Yasunaga, primer japon\u00e8s que va jugar a la Lliga Nacional de Futbol Professional.<\/p><p>Tot i aix\u00f2, no es van poder igualar els resultats de Man\u00e9 i la UE Lleida es va quedar estancada a la Segona Divisi\u00f3. El 1995 el president del F\u00f2rum Samitier, Jaume Llaurad\u00f3, va adquirir les accions a l\u2019Ajuntament per un valor inferior al que van ser comprades i va passar a ser el soci majoritari. Josep Llu\u00eds Gonz\u00e1lez va presidir l\u2019entitat en aquell per\u00edode.<\/p><p>Los malos resultados deportivos y la gesti\u00f3n de la Junta directiva termin\u00f3, en 1998, con la compra de las acciones por parte de la empresa Gesti\u00f3n Deportiva de Lleida y la llegada de un nuevo m\u00e1ximo accionista, Tatxo Benet, socio fundador y directivo de Mediapro que aguant\u00f3 en la entidad hasta el 2010.<\/p><p>Una de les millors campanyes del Lleida va ser durant la temporada 1999-2000 quan es va classificar cinqu\u00e8 i va estar a punt de situar-se als llocs d\u2019ascens. El club estava a les ordres de V\u00edctor Mu\u00f1oz i tenia una plantilla amb jugadors com Quique \u00c1lvarez, que m\u00e9s tard va jugar a la m\u00e0xima categoria igual que Ra\u00fal Tamudo. Tot i l\u2019\u00e8xit, l\u2019equip va haver de vendre els seus millors futbolistes i fer una renovaci\u00f3 completa de l\u2019equip per la temporada 2000-2001 amb contractacions com la de Carles Busquets. Els nous fitxatges no van rendir com s\u2019esperava i els blaus van acabar cuers, cosa que els va costar el descens a la Segona Divisi\u00f3 B.<\/p><p>La UE Lleida se marc\u00f3 como objetivo el regreso a la Divisi\u00f3n de Plata, pero no lo logr\u00f3 hasta tres temporadas m\u00e1s tarde. En 2003-2004, los azules lideraron su grupo en la fase regular y se impusieron a la Cultural Leonesa, al Celta B ya la Uni\u00f3n Deportiva P\u00e1jara-Playas de Jand\u00eda en la fase de ascenso a Segunda.<\/p><p>Per tal de complir els requisits econ\u00f2mics de la Lliga, l\u2019entitat va fer una ampliaci\u00f3 de capital. A partir d\u2019aqu\u00ed les prioritats van canviar i el nou objectiu era la lluita per la perman\u00e8ncia, per a la qual cosa va tenir jugadors com Nakor Bueno o Sergio Rodr\u00edguez. Van aguantar dos cursos fins que a la temporada 2005-2006 van baixar a la Segona B.<\/p><p>Tras este descenso, la UE Lleida se mantuvo algunas temporadas en Segunda Divisi\u00f3n B con mayores problemas econ\u00f3micos que deportivos. Sin dinero tuvo que conformarse con jugadores de la cantera o cedidos. El ex jugador Miguel \u00c1ngel Rubio Bueno fue el entrenador hasta el 2006. La entidad registr\u00f3 deudas, fruto de la gesti\u00f3n y del dinero invertido en a\u00f1os anteriores para volver a la Segunda Divisi\u00f3n.<\/p>\t\t\t\t\t\t\t\t<\/div>\n\t\t\t\t<\/div>\n\t\t\t\t<div class=\"elementor-element elementor-element-3fb4ca8 elementor-widget elementor-widget-heading\" data-id=\"3fb4ca8\" data-element_type=\"widget\" data-e-type=\"widget\" data-widget_type=\"heading.default\">\n\t\t\t\t<div class=\"elementor-widget-container\">\n\t\t\t\t\t<h2 class=\"elementor-heading-title elementor-size-default\">Desaparici\u00f3n de la UE Lleida y nacimiento del Club Lleida Esportiu<\/h2>\t\t\t\t<\/div>\n\t\t\t\t<\/div>\n\t\t\t\t<div class=\"elementor-element elementor-element-2a12c36 elementor-widget-divider--view-line elementor-widget elementor-widget-divider\" data-id=\"2a12c36\" data-element_type=\"widget\" data-e-type=\"widget\" data-widget_type=\"divider.default\">\n\t\t\t\t<div class=\"elementor-widget-container\">\n\t\t\t\t\t\t\t<div class=\"elementor-divider\">\n\t\t\t<span class=\"elementor-divider-separator\">\n\t\t\t\t\t\t<\/span>\n\t\t<\/div>\n\t\t\t\t\t\t<\/div>\n\t\t\t\t<\/div>\n\t\t\t\t<div class=\"elementor-element elementor-element-24ee79d elementor-widget elementor-widget-text-editor\" data-id=\"24ee79d\" data-element_type=\"widget\" data-e-type=\"widget\" data-widget_type=\"text-editor.default\">\n\t\t\t\t<div class=\"elementor-widget-container\">\n\t\t\t\t\t\t\t\t\t<p>El 25 de juny del 2010, el m\u00e0xim accionista Tatxo Benet va abandonar la gesti\u00f3 i va cedir totes les seves accions a l\u2019empres\u00e0ria Annabel Junyent. A l\u2019informe del Concurs de Creditors es va xifrar el deute en 28 milions d\u2019euros, la meitat dels quals corresponien a pendents amb la Seguretat Social. Com que no es va arribar a presentar un Pla de Viabilitat es va decretar la liquidaci\u00f3 de la Uni\u00f3 Esportiva Lleida i la seva desaparici\u00f3.<\/p><p>El darrer partit que es va disputar va ser contra l\u2019Hospitalet el 15 de maig de 2011. Quan va acabar la temporada es va posar a subhasta la pla\u00e7a a Segona B i un grup inversor liderat per l\u2019empresari local Sisco Pujol, que era el president de l\u2019EFAC Almacelles, la va adquirir i li va donar el nom de Lleida Esportiu.<\/p>\t\t\t\t\t\t\t\t<\/div>\n\t\t\t\t<\/div>\n\t\t\t\t<div class=\"elementor-element elementor-element-782ef20 elementor-widget elementor-widget-heading\" data-id=\"782ef20\" data-element_type=\"widget\" data-e-type=\"widget\" data-widget_type=\"heading.default\">\n\t\t\t\t<div class=\"elementor-widget-container\">\n\t\t\t\t\t<h2 class=\"elementor-heading-title elementor-size-default\">2011-2012, inicio de una nueva etapa<\/h2>\t\t\t\t<\/div>\n\t\t\t\t<\/div>\n\t\t\t\t<div class=\"elementor-element elementor-element-28ad932 elementor-widget-divider--view-line elementor-widget elementor-widget-divider\" data-id=\"28ad932\" data-element_type=\"widget\" data-e-type=\"widget\" data-widget_type=\"divider.default\">\n\t\t\t\t<div class=\"elementor-widget-container\">\n\t\t\t\t\t\t\t<div class=\"elementor-divider\">\n\t\t\t<span class=\"elementor-divider-separator\">\n\t\t\t\t\t\t<\/span>\n\t\t<\/div>\n\t\t\t\t\t\t<\/div>\n\t\t\t\t<\/div>\n\t\t\t\t<div class=\"elementor-element elementor-element-3486166 elementor-widget elementor-widget-text-editor\" data-id=\"3486166\" data-element_type=\"widget\" data-e-type=\"widget\" data-widget_type=\"text-editor.default\">\n\t\t\t\t<div class=\"elementor-widget-container\">\n\t\t\t\t\t\t\t\t\t<p>L\u2019endem\u00e0 d\u2019aconseguir els drets federatius per jugar a la categoria de la desapareguda UE Lleida, Sisco Pujol va presentar la seva dimissi\u00f3 irrevocable per desavinences pel repartiment accionarial entre la directiva. Pujol pretenia un 51% i la resta de directius contemplaven entregar-li un 50%. La resta d\u2019integrants van decidir continuar amb el projecte nomenat, a l&#8217;espera d&#8217;escollir un nou m\u00e0xim representant, Albert Esteve com a president en funcions. Amb Sisco Pujol tamb\u00e9 va presentar la dimissi\u00f3 Eudard\u00a0Sent\u00edas, un dels vocals que s\u2019havia de fer c\u00e0rrec de l\u2019\u00e0rea econ\u00f2mica. Aix\u00ed, Albert Jov\u00e9 en va ser el nou responsable mentre que l\u2019advocat Sebasti\u00e0 Mothe va ocupar l\u2019\u00e0rea jur\u00eddica i Jordi Esteve l\u2019\u00e0rea esportiva.<\/p>\t\t\t\t\t\t\t\t<\/div>\n\t\t\t\t<\/div>\n\t\t\t\t<div class=\"elementor-element elementor-element-c414a3f elementor-widget elementor-widget-heading\" data-id=\"c414a3f\" data-element_type=\"widget\" data-e-type=\"widget\" data-widget_type=\"heading.default\">\n\t\t\t\t<div class=\"elementor-widget-container\">\n\t\t\t\t\t<h2 class=\"elementor-heading-title elementor-size-default\">2012-2013, la primera promoci\u00f3n<\/h2>\t\t\t\t<\/div>\n\t\t\t\t<\/div>\n\t\t\t\t<div class=\"elementor-element elementor-element-cd96896 elementor-widget-divider--view-line elementor-widget elementor-widget-divider\" data-id=\"cd96896\" data-element_type=\"widget\" data-e-type=\"widget\" data-widget_type=\"divider.default\">\n\t\t\t\t<div class=\"elementor-widget-container\">\n\t\t\t\t\t\t\t<div class=\"elementor-divider\">\n\t\t\t<span class=\"elementor-divider-separator\">\n\t\t\t\t\t\t<\/span>\n\t\t<\/div>\n\t\t\t\t\t\t<\/div>\n\t\t\t\t<\/div>\n\t\t\t\t<div class=\"elementor-element elementor-element-6ed0f96 elementor-widget elementor-widget-text-editor\" data-id=\"6ed0f96\" data-element_type=\"widget\" data-e-type=\"widget\" data-widget_type=\"text-editor.default\">\n\t\t\t\t<div class=\"elementor-widget-container\">\n\t\t\t\t\t\t\t\t\t<p>En l\u2019\u00e0mbit esportiu, la temporada 2012-2013 es va aconseguir el primer play-off d\u2019ascens a la Segona Divisi\u00f3 A. La primera ronda es va superar contra el Legan\u00e9s, amb un 2 a 1 al Camp d\u2019Esports i un 1 a1 a Butarque, per\u00f2 la segona es va perdre contra el Real Ja\u00e9n a la tanda de penals, despr\u00e9s d\u2019una eliminat\u00f2ria que havia acabat en empat a 1 en tots dos partits.<\/p>\t\t\t\t\t\t\t\t<\/div>\n\t\t\t\t<\/div>\n\t\t\t\t<div class=\"elementor-element elementor-element-7b64465 elementor-widget elementor-widget-heading\" data-id=\"7b64465\" data-element_type=\"widget\" data-e-type=\"widget\" data-widget_type=\"heading.default\">\n\t\t\t\t<div class=\"elementor-widget-container\">\n\t\t\t\t\t<h2 class=\"elementor-heading-title elementor-size-default\">2013-2014<\/h2>\t\t\t\t<\/div>\n\t\t\t\t<\/div>\n\t\t\t\t<div class=\"elementor-element elementor-element-6575d26 elementor-widget-divider--view-line elementor-widget elementor-widget-divider\" data-id=\"6575d26\" data-element_type=\"widget\" data-e-type=\"widget\" data-widget_type=\"divider.default\">\n\t\t\t\t<div class=\"elementor-widget-container\">\n\t\t\t\t\t\t\t<div class=\"elementor-divider\">\n\t\t\t<span class=\"elementor-divider-separator\">\n\t\t\t\t\t\t<\/span>\n\t\t<\/div>\n\t\t\t\t\t\t<\/div>\n\t\t\t\t<\/div>\n\t\t\t\t<div class=\"elementor-element elementor-element-64c772b elementor-widget elementor-widget-text-editor\" data-id=\"64c772b\" data-element_type=\"widget\" data-e-type=\"widget\" data-widget_type=\"text-editor.default\">\n\t\t\t\t<div class=\"elementor-widget-container\">\n\t\t\t\t\t\t\t\t\t<p>Aquesta temporada, el Lleida es va tornar a classificar per a la promoci\u00f3 d\u2019ascens\u00a0encadenant dos play-offs consecutius. En aquella ocasi\u00f3 van v\u00e8ncer el Toledo a la primera ronda, amb un 1 a 1 al Salto del Caballo i un 2 a 1 al Camp d\u2019Esports, \u00a0per\u00f2 van tornar a caure a la segona ronda contra un rival que havien derrotat precisament l\u2019any anterior, el Legan\u00e9s.<\/p><p>L\u2019eliminat\u00f2ria es va resoldre amb un empat a 1 a l\u2019estadi lleidat\u00e0 i amb un 1 a 0 al camp madrileny. Aquella mateixa temporada, l\u2019equip blau va arribar als setzens enfrontant-se al Betis. L\u2019eliminat\u00f2ria, no exempta de pol\u00e8mica, es va resoldre per als sevillans tot i que el Lleida va estar a punt de passar de ronda. El partit d\u2019anada va acabar 1 a 2 per al Betis i el de tornada amb un empat a 2.<\/p>\t\t\t\t\t\t\t\t<\/div>\n\t\t\t\t<\/div>\n\t\t\t\t<div class=\"elementor-element elementor-element-8484114 elementor-widget elementor-widget-heading\" data-id=\"8484114\" data-element_type=\"widget\" data-e-type=\"widget\" data-widget_type=\"heading.default\">\n\t\t\t\t<div class=\"elementor-widget-container\">\n\t\t\t\t\t<h2 class=\"elementor-heading-title elementor-size-default\">2014-2015, la derrota en Cornell\u00e0<\/h2>\t\t\t\t<\/div>\n\t\t\t\t<\/div>\n\t\t\t\t<div class=\"elementor-element elementor-element-b0a683c elementor-widget-divider--view-line elementor-widget elementor-widget-divider\" data-id=\"b0a683c\" data-element_type=\"widget\" data-e-type=\"widget\" data-widget_type=\"divider.default\">\n\t\t\t\t<div class=\"elementor-widget-container\">\n\t\t\t\t\t\t\t<div class=\"elementor-divider\">\n\t\t\t<span class=\"elementor-divider-separator\">\n\t\t\t\t\t\t<\/span>\n\t\t<\/div>\n\t\t\t\t\t\t<\/div>\n\t\t\t\t<\/div>\n\t\t\t\t<div class=\"elementor-element elementor-element-6e977df elementor-widget elementor-widget-text-editor\" data-id=\"6e977df\" data-element_type=\"widget\" data-e-type=\"widget\" data-widget_type=\"text-editor.default\">\n\t\t\t\t<div class=\"elementor-widget-container\">\n\t\t\t\t\t\t\t\t\t<p>Esta temporada el Lleida estuvo a punto de clasificarse para el play-off, pero una derrota en el campo del Cornell\u00e0, que hab\u00eda ascendido, le impidi\u00f3 disputarle. Esta victoria del Cornell\u00e0 le asegur\u00f3 la permanencia en la \u00faltima jornada.<\/p>\t\t\t\t\t\t\t\t<\/div>\n\t\t\t\t<\/div>\n\t\t\t\t<div class=\"elementor-element elementor-element-b2ff1a4 elementor-widget elementor-widget-heading\" data-id=\"b2ff1a4\" data-element_type=\"widget\" data-e-type=\"widget\" data-widget_type=\"heading.default\">\n\t\t\t\t<div class=\"elementor-widget-container\">\n\t\t\t\t\t<h2 class=\"elementor-heading-title elementor-size-default\">2015-2016, a punto de subir<\/h2>\t\t\t\t<\/div>\n\t\t\t\t<\/div>\n\t\t\t\t<div class=\"elementor-element elementor-element-92b4c46 elementor-widget-divider--view-line elementor-widget elementor-widget-divider\" data-id=\"92b4c46\" data-element_type=\"widget\" data-e-type=\"widget\" data-widget_type=\"divider.default\">\n\t\t\t\t<div class=\"elementor-widget-container\">\n\t\t\t\t\t\t\t<div class=\"elementor-divider\">\n\t\t\t<span class=\"elementor-divider-separator\">\n\t\t\t\t\t\t<\/span>\n\t\t<\/div>\n\t\t\t\t\t\t<\/div>\n\t\t\t\t<\/div>\n\t\t\t\t<div class=\"elementor-element elementor-element-de0c2dc elementor-widget elementor-widget-text-editor\" data-id=\"de0c2dc\" data-element_type=\"widget\" data-e-type=\"widget\" data-widget_type=\"text-editor.default\">\n\t\t\t\t<div class=\"elementor-widget-container\">\n\t\t\t\t\t\t\t\t\t<p>La promoci\u00f3 no tornaria fins a la temporada 2015-2016 en qu\u00e8 l\u2019ascens a la Segona A va estar m\u00e9s a prop que mai. A la primera ronda, el Lleida va eliminar el Barakaldo sense gaires complicacions: 1 a 0 al Camp d\u2019Esports i empat a 1 a terres basques.<\/p><p>A la segona ronda es va enfrontar a un potent filial del Reial Madrid que va eliminar amb solv\u00e8ncia amb un resultat acumulat de 4 a 0 per l\u2019equip de la Terra Ferma. Al partit d\u2019anada els blaus van guanyar per 1 a 0 amb una rematada d\u2019\u00d3scar Vega que va fer esclatar la graderia d\u2019un estadi ple de p\u00fablic. En el partit de tornada la vict\u00f2ria va ser encara m\u00e9s clara: un 0 a 3 a l\u2019estadi Alfredo di St\u00e9fano.<\/p><p>A la tercera i \u00faltima ronda, el Lleida va disputar una de les darreres places d\u2019ascens a la categoria de plata amb un altre filial, aquesta vegada el del Sevilla. Tots dos partits van acabar 0 a 1 beneficiant respectivament a cada equip, per la qual cosa a la tornada, jugada a la capital andalusa sota un sol de just\u00edcia, es va haver d\u2019anar a la pr\u00f2rroga i als \u00a0penals. El Lleida va acabar perdent i el Sevilla Atl\u00e8tic va pujar a Segona A tot i que acabaria baixant dues temporades m\u00e9s tard.<\/p>\t\t\t\t\t\t\t\t<\/div>\n\t\t\t\t<\/div>\n\t\t\t\t<div class=\"elementor-element elementor-element-8ddf49d elementor-widget elementor-widget-heading\" data-id=\"8ddf49d\" data-element_type=\"widget\" data-e-type=\"widget\" data-widget_type=\"heading.default\">\n\t\t\t\t<div class=\"elementor-widget-container\">\n\t\t\t\t\t<h2 class=\"elementor-heading-title elementor-size-default\">2016-2017<\/h2>\t\t\t\t<\/div>\n\t\t\t\t<\/div>\n\t\t\t\t<div class=\"elementor-element elementor-element-81d102b elementor-widget-divider--view-line elementor-widget elementor-widget-divider\" data-id=\"81d102b\" data-element_type=\"widget\" data-e-type=\"widget\" data-widget_type=\"divider.default\">\n\t\t\t\t<div class=\"elementor-widget-container\">\n\t\t\t\t\t\t\t<div class=\"elementor-divider\">\n\t\t\t<span class=\"elementor-divider-separator\">\n\t\t\t\t\t\t<\/span>\n\t\t<\/div>\n\t\t\t\t\t\t<\/div>\n\t\t\t\t<\/div>\n\t\t\t\t<div class=\"elementor-element elementor-element-cbbe1fe elementor-widget elementor-widget-text-editor\" data-id=\"cbbe1fe\" data-element_type=\"widget\" data-e-type=\"widget\" data-widget_type=\"text-editor.default\">\n\t\t\t\t<div class=\"elementor-widget-container\">\n\t\t\t\t\t\t\t\t\t<p>El Lleida va dibuixar una traject\u00f2ria irregular i no va poder disputar el play-off que la temporada anterior gaireb\u00e9 el va dur a l\u2019ascens. El m\u00e8rit m\u00e9s important va ser la classificaci\u00f3 per jugar la Copa.<\/p>\t\t\t\t\t\t\t\t<\/div>\n\t\t\t\t<\/div>\n\t\t\t\t<div class=\"elementor-element elementor-element-3441e3a elementor-widget elementor-widget-heading\" data-id=\"3441e3a\" data-element_type=\"widget\" data-e-type=\"widget\" data-widget_type=\"heading.default\">\n\t\t\t\t<div class=\"elementor-widget-container\">\n\t\t\t\t\t<h2 class=\"elementor-heading-title elementor-size-default\">2017-2018, el milagro de Anoeta<\/h2>\t\t\t\t<\/div>\n\t\t\t\t<\/div>\n\t\t\t\t<div class=\"elementor-element elementor-element-866388e elementor-widget-divider--view-line elementor-widget elementor-widget-divider\" data-id=\"866388e\" data-element_type=\"widget\" data-e-type=\"widget\" data-widget_type=\"divider.default\">\n\t\t\t\t<div class=\"elementor-widget-container\">\n\t\t\t\t\t\t\t<div class=\"elementor-divider\">\n\t\t\t<span class=\"elementor-divider-separator\">\n\t\t\t\t\t\t<\/span>\n\t\t<\/div>\n\t\t\t\t\t\t<\/div>\n\t\t\t\t<\/div>\n\t\t\t\t<div class=\"elementor-element elementor-element-f3cc4e8 elementor-widget elementor-widget-text-editor\" data-id=\"f3cc4e8\" data-element_type=\"widget\" data-e-type=\"widget\" data-widget_type=\"text-editor.default\">\n\t\t\t\t<div class=\"elementor-widget-container\">\n\t\t\t\t\t\t\t\t\t<p>La temporada 2017-2018 es va aconseguir una altra fita a la Copa. Als setzens de final els del Lleida es van trobar a la Real Sociedad, un equip que jugava en competici\u00f3 europea. A l\u2019anada van guanyar els donostiarres per la m\u00ednima al Camp d\u2019Esports, per\u00f2 la tornada va ser un partit totalment diferent. L\u2019equip basc, que va arribar a posar-se 2 a 0 al marcador, va veure com el Lleida li empatava el partit tan sols dos minuts despr\u00e9s del descans i m\u00e9s tard culminava la remuntada amb un gol de cap del jove Bojan\u00a0Radulovic que estrenava el seu partit comptador particular amb l\u2019equip lleidat\u00e0. Despr\u00e9s de la gesta \u00e8pica viscuda a Anoeta, el Lleida va arribar als vuitens de final per enfrontar-se a l\u2019Atl\u00e9tico de Madrid. El resultat acumulat de l\u2019eliminat\u00f2ria va ser de 7 a 0 per al conjunt madrileny.<\/p>\t\t\t\t\t\t\t\t<\/div>\n\t\t\t\t<\/div>\n\t\t\t\t<div class=\"elementor-element elementor-element-a2732ab elementor-widget elementor-widget-heading\" data-id=\"a2732ab\" data-element_type=\"widget\" data-e-type=\"widget\" data-widget_type=\"heading.default\">\n\t\t\t\t<div class=\"elementor-widget-container\">\n\t\t\t\t\t<h2 class=\"elementor-heading-title elementor-size-default\">2019-2020, el choque de la pandemia<\/h2>\t\t\t\t<\/div>\n\t\t\t\t<\/div>\n\t\t\t\t<div class=\"elementor-element elementor-element-56ec196 elementor-widget-divider--view-line elementor-widget elementor-widget-divider\" data-id=\"56ec196\" data-element_type=\"widget\" data-e-type=\"widget\" data-widget_type=\"divider.default\">\n\t\t\t\t<div class=\"elementor-widget-container\">\n\t\t\t\t\t\t\t<div class=\"elementor-divider\">\n\t\t\t<span class=\"elementor-divider-separator\">\n\t\t\t\t\t\t<\/span>\n\t\t<\/div>\n\t\t\t\t\t\t<\/div>\n\t\t\t\t<\/div>\n\t\t\t\t<div class=\"elementor-element elementor-element-1e274a5 elementor-widget elementor-widget-text-editor\" data-id=\"1e274a5\" data-element_type=\"widget\" data-e-type=\"widget\" data-widget_type=\"text-editor.default\">\n\t\t\t\t<div class=\"elementor-widget-container\">\n\t\t\t\t\t\t\t\t\t<p>Des d\u2019aquella promoci\u00f3 d\u2019ascens fallida a l\u2019\u00faltim moment, els resultats finals van permetre a l\u2019equip classificar-se per a la Copa del Rey per\u00f2 no pel play-off.<\/p><p>La temporada 2019-2020 va ser la desena a la mateixa categoria quan es va produir una aturada ins\u00f2lita de la competici\u00f3 arran de la crisi mundial generada pel coronavirus. La darrera jornada de la Lliga regular va ser la del cap de setmana del 7 i 8 de mar\u00e7 de 2020. El Lleida era cinqu\u00e8 a quatre punts del l\u00edder, el Castell\u00f3. La decisi\u00f3 de la RFEF va ser la de disputar una promoci\u00f3 d\u2019ascens r\u00e0pida durant la segona meitat del mes de juliol.<\/p>\t\t\t\t\t\t\t\t<\/div>\n\t\t\t\t<\/div>\n\t\t\t\t<div class=\"elementor-element elementor-element-e81337f elementor-widget elementor-widget-heading\" data-id=\"e81337f\" data-element_type=\"widget\" data-e-type=\"widget\" data-widget_type=\"heading.default\">\n\t\t\t\t<div class=\"elementor-widget-container\">\n\t\t\t\t\t<h2 class=\"elementor-heading-title elementor-size-default\">2020-2021, la liquidaci\u00f3n de la Segunda B<\/h2>\t\t\t\t<\/div>\n\t\t\t\t<\/div>\n\t\t\t\t<div class=\"elementor-element elementor-element-3b7a9a9 elementor-widget-divider--view-line elementor-widget elementor-widget-divider\" data-id=\"3b7a9a9\" data-element_type=\"widget\" data-e-type=\"widget\" data-widget_type=\"divider.default\">\n\t\t\t\t<div class=\"elementor-widget-container\">\n\t\t\t\t\t\t\t<div class=\"elementor-divider\">\n\t\t\t<span class=\"elementor-divider-separator\">\n\t\t\t\t\t\t<\/span>\n\t\t<\/div>\n\t\t\t\t\t\t<\/div>\n\t\t\t\t<\/div>\n\t\t\t\t<div class=\"elementor-element elementor-element-1ecaafc elementor-widget elementor-widget-text-editor\" data-id=\"1ecaafc\" data-element_type=\"widget\" data-e-type=\"widget\" data-widget_type=\"text-editor.default\">\n\t\t\t\t<div class=\"elementor-widget-container\">\n\t\t\t\t\t\t\t\t\t<p>La temporada 2020-2021 fue la \u00faltima en la que se disput\u00f3 el campeonato de Liga bajo el nombre de Segunda Divisi\u00f3n B. Despu\u00e9s de 44 a\u00f1os, esta categor\u00eda se liquid\u00f3 a favor de la creaci\u00f3n de una nueva estructura organizativa de la RFEF .<\/p><p>L\u2019objectiu d\u2019aquesta remodelaci\u00f3 va ser reduir el nombre d\u2019equips a la tercera categoria del futbol espanyol i professionalitzar-la. En aquest context, el Lleida es va incloure en el subgrup 3a de la Segona B amb la resta d\u2019equips catalans a la primera fase del campionat de lliga on va aconseguir 27 punts quedant al set\u00e8 lloc de la classificaci\u00f3. La segona fase es va disputar com a promoci\u00f3 d\u2019ascens o de perman\u00e8ncia en funci\u00f3 de la posici\u00f3 que ocupava cada equip. Nom\u00e9s els tres primers de cada grup optaven a pujar a Segona. L\u2019equip de la Terra Ferma va jugar contra els conjunts del subgrup 3b, el dels valencians, per accedir a la nova Primera divisi\u00f3 RFEF que equival a mantenir la categoria.<\/p>\t\t\t\t\t\t\t\t<\/div>\n\t\t\t\t<\/div>\n\t\t\t\t<div class=\"elementor-element elementor-element-d4fa5e2 elementor-widget elementor-widget-heading\" data-id=\"d4fa5e2\" data-element_type=\"widget\" data-e-type=\"widget\" data-widget_type=\"heading.default\">\n\t\t\t\t<div class=\"elementor-widget-container\">\n\t\t\t\t\t<h2 class=\"elementor-heading-title elementor-size-default\">Actualidad<\/h2>\t\t\t\t<\/div>\n\t\t\t\t<\/div>\n\t\t\t\t<div class=\"elementor-element elementor-element-3aea1a1 elementor-widget-divider--view-line elementor-widget elementor-widget-divider\" data-id=\"3aea1a1\" data-element_type=\"widget\" data-e-type=\"widget\" data-widget_type=\"divider.default\">\n\t\t\t\t<div class=\"elementor-widget-container\">\n\t\t\t\t\t\t\t<div class=\"elementor-divider\">\n\t\t\t<span class=\"elementor-divider-separator\">\n\t\t\t\t\t\t<\/span>\n\t\t<\/div>\n\t\t\t\t\t\t<\/div>\n\t\t\t\t<\/div>\n\t\t\t\t<div class=\"elementor-element elementor-element-afdad71 elementor-widget elementor-widget-text-editor\" data-id=\"afdad71\" data-element_type=\"widget\" data-e-type=\"widget\" data-widget_type=\"text-editor.default\">\n\t\t\t\t<div class=\"elementor-widget-container\">\n\t\t\t\t\t\t\t\t\t<p>El juny de 2021, el Club Lleida Esportiu Terraferma va ser inscrit al Registre d\u2019Entitats Esportives de Catalunya com a Lleida Ponent Club de Futbol.<\/p><p>Actualment el club competeix al Grup V de Tercera RFEF.<\/p>\n<p>\u00c9stas son las diferentes denominaciones de que ha dispuesto el club a lo largo de su historia:<\/p>\n<p>Uni\u00f3 Esportiva Lleida (1947-1978)<\/p>\n<p>Uni\u00f3 Esportiva Lleida (1978-1992)<\/p>\n<p>Uni\u00f3 Esportiva Lleida, SAD (1992-2011)<\/p>\n<p>Club Lleida Esportiu Terraferma \u2013 Club Lleida Esportiu (2011 \u2013 2021)<\/p>\n<p><strong>Lleida Ponent Club de Futbol \u2013 Lleida CF<\/strong> (2022 \u2013 )<\/p>\t\t\t\t\t\t\t\t<\/div>\n\t\t\t\t<\/div>\n\t\t\t\t\t<\/div>\n\t\t<\/div>\n\t\t\t\t\t<\/div>\n\t\t<\/section>\n\t\t\t\t<\/div>","protected":false},"excerpt":{"rendered":"<p>Uni\u00f3 Esportiva Lleida Uni\u00f3 Esportiva Lleida U.E. Lleida Fundaci\u00f3: 1939 (com a Lleida Balompi\u00e9-AEM) Desaparici\u00f3: 10 de maig de 2011&#8230;<\/p>","protected":false},"author":3,"featured_media":0,"parent":0,"menu_order":0,"comment_status":"closed","ping_status":"closed","template":"","meta":{"footnotes":""},"club":[],"class_list":["post-51","page","type-page","status-publish","hentry"],"_links":{"self":[{"href":"https:\/\/lleidacf.cat\/es\/wp-json\/wp\/v2\/pages\/51","targetHints":{"allow":["GET"]}}],"collection":[{"href":"https:\/\/lleidacf.cat\/es\/wp-json\/wp\/v2\/pages"}],"about":[{"href":"https:\/\/lleidacf.cat\/es\/wp-json\/wp\/v2\/types\/page"}],"author":[{"embeddable":true,"href":"https:\/\/lleidacf.cat\/es\/wp-json\/wp\/v2\/users\/3"}],"replies":[{"embeddable":true,"href":"https:\/\/lleidacf.cat\/es\/wp-json\/wp\/v2\/comments?post=51"}],"version-history":[{"count":0,"href":"https:\/\/lleidacf.cat\/es\/wp-json\/wp\/v2\/pages\/51\/revisions"}],"wp:attachment":[{"href":"https:\/\/lleidacf.cat\/es\/wp-json\/wp\/v2\/media?parent=51"}],"wp:term":[{"taxonomy":"club","embeddable":true,"href":"https:\/\/lleidacf.cat\/es\/wp-json\/wp\/v2\/club?post=51"}],"curies":[{"name":"wp","href":"https:\/\/api.w.org\/{rel}","templated":true}]}}